{"id":1113,"date":"2025-05-27T17:32:31","date_gmt":"2025-05-27T17:32:31","guid":{"rendered":"https:\/\/cuentaconloslacteos.eu\/donnees-personnelles\/"},"modified":"2025-10-22T11:47:26","modified_gmt":"2025-10-22T11:47:26","slug":"donnees-personnelles","status":"publish","type":"page","link":"https:\/\/cuentaconloslacteos.eu\/fr\/donnees-personnelles\/","title":{"rendered":"Donn\u00e9es personnelles"},"content":{"rendered":"<p>[et_pb_section fb_built=\u00a0\u00bb1&Prime; _builder_version=\u00a0\u00bb4.27.4&Prime; _module_preset=\u00a0\u00bbdefault\u00a0\u00bb global_colors_info=\u00a0\u00bb{}\u00a0\u00bb][et_pb_row _builder_version=\u00a0\u00bb4.27.4&Prime; _module_preset=\u00a0\u00bbdefault\u00a0\u00bb global_colors_info=\u00a0\u00bb{}\u00a0\u00bb][et_pb_column type=\u00a0\u00bb4_4&Prime; _builder_version=\u00a0\u00bb4.27.4&Prime; _module_preset=\u00a0\u00bbdefault\u00a0\u00bb global_colors_info=\u00a0\u00bb{}\u00a0\u00bb][et_pb_text _builder_version=\u00a0\u00bb4.27.4&Prime; _module_preset=\u00a0\u00bbdefault\u00a0\u00bb hover_enabled=\u00a0\u00bb0&Prime; global_colors_info=\u00a0\u00bb{}\u00a0\u00bb sticky_enabled=\u00a0\u00bb0&Prime;]<\/p>\n<h1><strong>DONN\u00c9ES PERSONNELLES<\/strong><\/h1>\n<h1><strong>Politique de confidentialit\u00e9<\/strong><\/h1>\n<p><strong>InLac<\/strong><span>\u00a0<\/span>informe les utilisateurs du site web de sa politique en mati\u00e8re de traitement et de protection des donn\u00e9es \u00e0 caract\u00e8re personnel des utilisateurs et clients qui peuvent \u00eatre collect\u00e9es lors de la navigation ou de la souscription \u00e0 des services par le biais de son site web.<\/p>\n<p>En ce sens,<span>\u00a0<\/span><strong>InLac<\/strong><span>\u00a0<\/span>garantit le respect de la l\u00e9gislation en vigueur relative \u00e0 la protection des donn\u00e9es \u00e0 caract\u00e8re personnel, telle que d\u00e9finie dans la loi organique 15\/1999 du 13 d\u00e9cembre 1999 relative \u00e0 la protection des donn\u00e9es \u00e0 caract\u00e8re personnel (LOPD) et dans le d\u00e9cret royal 1720\/2007 du 21 d\u00e9cembre 2007, d\u00e9sign\u00e9 comme le r\u00e8glement d\u2019application de la LOPD. Elle s\u2019engage \u00e9galement \u00e0 respecter le r\u00e8glement (UE) 2016\u2044679 du Parlement europ\u00e9en et du Conseil, en date du 27 avril 2016 relatif \u00e0 la protection des personnes physiques (GDPR).<\/p>\n<p>L\u2019utilisation de ce site web implique l\u2019acceptation de cette politique de confidentialit\u00e9.<\/p>\n<p>Identit\u00e9 du responsable<\/p>\n<ul>\n<li><strong>Titulaire :<\/strong>\u00a0Organizaci\u00f3n Interprofesional L\u00e1ctea,\u00a0<strong>InLac<\/strong><\/li>\n<li><strong>NIF\/CIF:<\/strong>\u00a0G82520982<\/li>\n<li><strong>Si\u00e8ge social :<\/strong>\u00a0C\/ JOS\u00c9 ABASCAL 44, 1\u00aa PLANTA, 28003, MADRID<\/li>\n<li><strong>E-mail :<\/strong><a href=\"mailto:inlac@inlac.es\"><span>\u00a0<\/span>inlac@inlac.es<\/a><\/li>\n<\/ul>\n<h2><strong>Principes relatifs au traitement de vos donn\u00e9es \u00e0 caract\u00e8re personnel<\/strong><\/h2>\n<p>Lors du traitement de vos donn\u00e9es personnelles, nous appliquerons les principes suivants, conform\u00e9ment aux exigences du nouveau r\u00e8glement europ\u00e9en sur la protection des donn\u00e9es\u00a0:<\/p>\n<ul>\n<li><strong>Principe de lic\u00e9it\u00e9, loyaut\u00e9 et transparence :<\/strong>\u00a0Nous demanderons toujours votre accord pour le traitement de vos donn\u00e9es personnelles pour une ou plusieurs finalit\u00e9s sp\u00e9cifiques dont nous vous informerons au pr\u00e9alable en toute transparence.<\/li>\n<li><strong>Principe de minimisation des donn\u00e9es :<\/strong>\u00a0Nous ne demanderons que les donn\u00e9es strictement n\u00e9cessaires au regard des finalit\u00e9s pour lesquelles elles sont demand\u00e9es. Donc, le minimum possible.<\/li>\n<li><strong>Principe de limitation de la dur\u00e9e de conservation :<\/strong>\u00a0Les donn\u00e9es ne seront conserv\u00e9es que pendant une dur\u00e9e n\u2019exc\u00e9dant pas celle n\u00e9cessaire au regard de la finalit\u00e9 pour laquelle elles sont trait\u00e9es. Nous vous informerons de la p\u00e9riode de conservation correspondante. Pour les souscriptions, nous v\u00e9rifierons r\u00e9guli\u00e8rement nos listes et supprimerons les \u00e9l\u00e9ments rest\u00e9s inactifs depuis un certain temps.<\/li>\n<li><strong>Principe d\u2019int\u00e9grit\u00e9 et de confidentialit\u00e9 :<\/strong>\u00a0Vos donn\u00e9es seront trait\u00e9es de mani\u00e8re \u00e0 assurer une s\u00e9curit\u00e9 ad\u00e9quate des donn\u00e9es personnelles et \u00e0 garantir la confidentialit\u00e9. Soyez assur\u00e9 que nous prenons toutes les pr\u00e9cautions n\u00e9cessaires pour emp\u00eacher l\u2019acc\u00e8s non autoris\u00e9 ou l\u2019utilisation abusive des donn\u00e9es de nos utilisateurs par des tiers.<\/li>\n<\/ul>\n<h2><strong>Comment collectons-nous vos donn\u00e9es ?<\/strong><\/h2>\n<p>Pour naviguer sur<span>\u00a0<\/span><a href=\"https:\/\/www.cuentaconloslacteos.eu\/\">https:\/\/www.cuentaconloslacteos.eu<\/a>, il n\u2019est pas n\u00e9cessaire de fournir de donn\u00e9e personnelle.<\/p>\n<p>Les cas pour lesquels vous communiquez vos donn\u00e9es sont les suivants :<\/p>\n<ul>\n<li>Lorsque vous nous contactez via les formulaires de contact ou par courrier \u00e9lectronique.<\/li>\n<\/ul>\n<h2><strong>Quels sont vos droits lorsque vous nous communiquez vos donn\u00e9es ?<\/strong><\/h2>\n<p>Les personnes concern\u00e9es ont le droit de :<\/p>\n<ul>\n<li>Demander l\u2019acc\u00e8s aux donn\u00e9es personnelles de la personne concern\u00e9e.<\/li>\n<li>Demander leur rectification ou leur suppression.<\/li>\n<li>Demander la limitation de leur traitement.<\/li>\n<li>S\u2019opposer \u00e0 leur traitement.<\/li>\n<\/ul>\n<p>Le droit \u00e0 la portabilit\u00e9 des donn\u00e9es ne peut \u00eatre exerc\u00e9.<\/p>\n<p>L\u2019exercice de ces droits est personnel et doit donc \u00eatre exerc\u00e9 directement par la personne concern\u00e9e en formulant directement sa demande \u00e0<span>\u00a0<\/span><strong>InLac<\/strong>. Cela signifie que tout client, souscripteur ou collaborateur ayant fourni ses donn\u00e9es \u00e0 un moment donn\u00e9, peut contacter<span>\u00a0<\/span><strong>InLac<\/strong><span>\u00a0<\/span>pour se renseigner sur les donn\u00e9es stock\u00e9es et la fa\u00e7on dont elles ont \u00e9t\u00e9 collect\u00e9es (droit d\u2019acc\u00e8s), mais aussi demander leur correction, s\u2019opposer \u00e0 leur traitement, limiter leur utilisation ou, le cas \u00e9ch\u00e9ant, effacer les donn\u00e9es du fichier.<\/p>\n<p>Vous pouvez adresser toute demande de ce type et exercer vos droits d\u2019acc\u00e8s, de rectification, d\u2019annulation et d\u2019opposition en envoyant un e-mail \u00e0<span>\u00a0<\/span><a href=\"mailto:inlac@inlac.es\">inlac@inlac.es<\/a>, accompagn\u00e9 d\u2019une pi\u00e8ce justificative valide, par exemple une photocopie de votre carte d\u2019identit\u00e9 ou un \u00e9quivalent.<\/p>\n<p>Les personnes concern\u00e9es ont \u00e9galement le droit \u00e0 une protection juridictionnelle effective et le droit de d\u00e9poser une r\u00e9clamation aupr\u00e8s de l\u2019autorit\u00e9 de contr\u00f4le, en l\u2019occurrence l\u2019Agence espagnole de protection des donn\u00e9es, si elles estiment que le traitement des donn\u00e9es \u00e0 caract\u00e8re personnel les concernant est contraire au r\u00e8glement.<\/p>\n<h2><strong>\u00c0 quelles fins traitons-nous vos donn\u00e9es personnelles ?<\/strong><\/h2>\n<p>Lorsqu\u2019un utilisateur se connecte sur<a href=\"https:\/\/www.cuentaconloslacteos.eu\/\"><span>\u00a0<\/span>https:\/\/www.cuentaconloslacteos.eu<\/a><span>\u00a0<\/span>pour envoyer un e-mail au propri\u00e9taire du site, s\u2019inscrire ou pour souscrire \u00e0 un abonnement, il fournit des informations \u00e0 caract\u00e8re personnel dont<span>\u00a0<\/span><strong>InLac<\/strong><span>\u00a0<\/span>est responsable. Ces informations peuvent inclure des donn\u00e9es \u00e0 caract\u00e8re personnel telles que votre adresse IP, votre nom, votre adresse physique, votre adresse \u00e9lectronique, votre num\u00e9ro de t\u00e9l\u00e9phone et d\u2019autres donn\u00e9es. En communiquant ces informations, l\u2019utilisateur autorise la collecte, l\u2019utilisation, la gestion et le stockage de ses donn\u00e9es par<span>\u00a0<\/span><a href=\"https:\/\/www.cuentaconloslacteos.eu\/\">https:\/\/www.cuentaconloslacteos.eu<\/a><\/p>\n<p>Sur<span>\u00a0<\/span><a href=\"https:\/\/www.cuentaconloslacteos.eu\/\">https:\/\/www.cuentaconloslacteos.eu<\/a>, il existe diff\u00e9rents syst\u00e8mes de collecte des donn\u00e9es \u00e0 caract\u00e8re personnel et nous traitons les informations fournies par les personnes concern\u00e9es aux fins suivantes pour chaque syst\u00e8me de collecte (formulaires)\u00a0:<\/p>\n<ul>\n<li><strong>Formulaires de contact :<\/strong>\u00a0Nous demandons les donn\u00e9es \u00e0 caract\u00e8re personnel suivantes : nom, e-mail, t\u00e9l\u00e9phone, site internet et \u00ab\u00a0en quoi pouvons-nous vous aider\u00a0\u00bb, pour r\u00e9pondre aux requ\u00eates des utilisateurs de<span>\u00a0<\/span><a href=\"https:\/\/www.cuentaconloslacteos.eu\/\">https:\/\/www.cuentaconloslacteos.eu<\/a>. Nous pouvons, par exemple, utiliser ces donn\u00e9es pour r\u00e9pondre \u00e0 votre demande et pour r\u00e9pondre \u00e0 vos questions, r\u00e9clamations, commentaires ou pr\u00e9occupations relatives aux informations figurant sur le site web, les services rendus par le biais de celui-ci, le traitement de vos donn\u00e9es \u00e0 caract\u00e8re personnel, les questions concernant les textes de loi qui figurent sur le site web, ainsi que toute autre question que vous vous posez et qui ne rel\u00e8ve pas des conditions g\u00e9n\u00e9rales de souscription.<\/li>\n<\/ul>\n<p>Il existe \u00e9galement d\u2019autres finalit\u00e9s pour lesquelles nous traitons vos donn\u00e9es \u00e0 caract\u00e8re personnel :<\/p>\n<ul>\n<li>Pour assurer le respect des Conditions d\u2019Utilisation et du droit applicable. Cela peut inclure le d\u00e9veloppement d\u2019outils et d\u2019algorithmes pour aider ce site web \u00e0 assurer la confidentialit\u00e9 des donn\u00e9es \u00e0 caract\u00e8re personnel qu\u2019il collecte.<\/li>\n<li>Pour soutenir et am\u00e9liorer les services offerts par ce site web.<\/li>\n<li>D\u2019autres donn\u00e9es non identifiables sont \u00e9galement collect\u00e9es par le biais de cookies t\u00e9l\u00e9charg\u00e9s sur l\u2019ordinateur de l\u2019utilisateur lors de la navigation sur ce site, lesquels sont d\u00e9taill\u00e9s dans la politique relative aux cookies.<\/li>\n<li>Pour g\u00e9rer les r\u00e9seaux sociaux :<span>\u00a0<\/span><strong>InLac<\/strong><span>\u00a0<\/span>peut avoir une pr\u00e9sence sur les r\u00e9seaux sociaux. Le traitement des donn\u00e9es concernant les personnes qui s\u2019abonneraient sur les r\u00e9seaux sociaux aux pages officielles d\u2019<strong>InLac<\/strong><span>\u00a0<\/span>sera r\u00e9glement\u00e9 par cette section, mais \u00e9galement par les Conditions d\u2019Utilisation, les politiques de confidentialit\u00e9 et les r\u00e8glementations d\u2019acc\u00e8s propres au r\u00e9seau social en question et qui ont \u00e9t\u00e9 pr\u00e9alablement accept\u00e9es par l\u2019utilisateur.\u00a0<strong>InLac<\/strong><span>\u00a0<\/span>traitera vos donn\u00e9es dans le but de g\u00e9rer correctement votre pr\u00e9sence sur le r\u00e9seau social, en vous informant des activit\u00e9s, produits ou services d\u2019<strong>InLac<\/strong>, ainsi qu\u2019\u00e0 toute autre fin que les r\u00e8glements des r\u00e9seaux sociaux pr\u00e9voient. En aucun cas, les profils des abonn\u00e9s sur les r\u00e9seaux sociaux ne seront utilis\u00e9s pour envoyer de la publicit\u00e9 de fa\u00e7on individuelle.<\/li>\n<\/ul>\n<h2><strong>Comment prot\u00e9geons-nous vos donn\u00e9es\u00a0?<\/strong><\/h2>\n<p>Ce site est h\u00e9berg\u00e9 sur<span>\u00a0<\/span><a href=\"https:\/\/www.minervahosting.com\/\">https:\/\/www.minervahosting.com<\/a><span>.\u00a0<\/span>La s\u00e9curit\u00e9 de vos donn\u00e9es est garantie, car l\u2019h\u00e9bergeur prend toutes les mesures n\u00e9cessaires. Vous pouvez consulter leur politique de confidentialit\u00e9 pour plus d\u2019informations.<\/p>\n<p>Pour prot\u00e9ger vos donn\u00e9es \u00e0 caract\u00e8re personnel, nous prenons des mesures de pr\u00e9caution raisonnables et appliquons les meilleures m\u00e9thodes du secteur afin de garantir que ces donn\u00e9es ne soient ni perdues de fa\u00e7on inappropri\u00e9e, ni d\u00e9tourn\u00e9es, ni consult\u00e9es, ni divulgu\u00e9es, ni modifi\u00e9es, ni d\u00e9truites.<\/p>\n<p><strong>InLac<\/strong><span>\u00a0<\/span>informe les utilisateurs que leurs donn\u00e9es \u00e0 caract\u00e8re personnel ne seront pas c\u00e9d\u00e9es \u00e0 des entit\u00e9s tierces, sauf si ce transfert de donn\u00e9es est soumis \u00e0 une obligation l\u00e9gale ou si la prestation d\u2019un service implique la n\u00e9cessit\u00e9 d\u2019une relation contractuelle avec un responsable du traitement des donn\u00e9es. Dans ce dernier cas, le transfert des donn\u00e9es au tiers ne sera effectu\u00e9 que si<span>\u00a0<\/span><strong>InLac<\/strong><span>\u00a0<\/span>dispose du consentement explicite de l\u2019utilisateur.<\/p>\n<p>Toutefois, dans certains cas, des collaborations avec d\u2019autres professionnels peuvent avoir lieu. Dans ce cas, les utilisateurs seront invit\u00e9s \u00e0 donner leur consentement, apr\u00e8s les avoir inform\u00e9s de l\u2019identit\u00e9 du collaborateur et de la finalit\u00e9 de la collaboration. Elle sera toujours effectu\u00e9e dans le respect des normes de s\u00e9curit\u00e9 les plus strictes.<\/p>\n<h2><strong>Contenu d\u2019autres sites web<\/strong><\/h2>\n<p>Les articles de ce site peuvent inclure du contenu int\u00e9gr\u00e9 (par exemple des vid\u00e9os, des images, des articles, etc.). Le contenu int\u00e9gr\u00e9 d\u2019autres sites web se comporte exactement de la m\u00eame mani\u00e8re que si le visiteur avait visit\u00e9 ledit site.<\/p>\n<p>Ces sites web peuvent collecter des donn\u00e9es vous concernant, utiliser des cookies, int\u00e9grer un suivi suppl\u00e9mentaire par des tiers et superviser votre interaction avec ce contenu int\u00e9gr\u00e9, y compris le suivi de votre interaction avec le contenu int\u00e9gr\u00e9 si vous avez un compte et \u00eates connect\u00e9 \u00e0 ce site web.<\/p>\n<h2><strong>Cookies<\/strong><\/h2>\n<p>Pour que le site fonctionne correctement, il doit utiliser des cookies, qui sont des informations stock\u00e9es dans votre navigateur pour faciliter la navigation.<\/p>\n<p>Vous pouvez consulter la politique des cookies ici.<\/p>\n<h2><strong>Int\u00e9r\u00eat l\u00e9gitime du traitement de vos donn\u00e9es<\/strong><\/h2>\n<p>Le consentement constitue la base l\u00e9gale du traitement de vos donn\u00e9es.<\/p>\n<p>Pour contacter ce site web ou y d\u00e9poser un commentaire, vous devez accepter la pr\u00e9sente politique de confidentialit\u00e9.<\/p>\n<h2><strong>Cat\u00e9gorie de donn\u00e9es<\/strong><\/h2>\n<ul>\n<li>Les cat\u00e9gories de donn\u00e9es trait\u00e9es sont des donn\u00e9es d\u2019identification.<\/li>\n<li>Aucune cat\u00e9gorie de donn\u00e9es sensibles n\u2019est trait\u00e9e.<\/li>\n<\/ul>\n<h2><strong>Combien de temps conservons-nous vos donn\u00e9es\u00a0?<\/strong><\/h2>\n<p>Les donn\u00e9es personnelles fournies seront conserv\u00e9es jusqu\u2019\u00e0 ce que la personne concern\u00e9e demande leur suppression.<\/p>\n<h3><strong>Quels sont les destinataires de vos donn\u00e9es\u00a0?<\/strong><\/h3>\n<ul>\n<li>Google Analytics est un service d\u2019analyse Web fourni par Google, Inc, une soci\u00e9t\u00e9 du Delaware dont le si\u00e8ge social est situ\u00e9 au 1600 Amphitheatre Parkway, Mountain View (Californie), CA\u00a094043, \u00c9tats-Unis (\u00ab\u00a0Google\u00a0\u00bb). Google Analytics utilise des \u00ab\u00a0cookies\u00a0\u00bb, qui sont des fichiers texte plac\u00e9s sur votre ordinateur, afin d\u2019aider<span>\u00a0<\/span><a href=\"https:\/\/www.cuentaconloslacteos.eu\/\">https:\/\/www.cuentaconloslacteos.eu<\/a><span>\u00a0<\/span>\u00e0 analyser l\u2019utilisation du site web par ses utilisateurs. Les informations g\u00e9n\u00e9r\u00e9es par le cookie concernant votre utilisation de<span>\u00a0<\/span><a href=\"https:\/\/www.cuentaconloslacteos.eu\/\">https:\/\/www.cuentaconloslacteos.eu<\/a><span>\u00a0<\/span>(y compris votre adresse IP) seront transmises et stock\u00e9es par Google sur les serveurs situ\u00e9s aux \u00c9tats-Unis.<\/li>\n<\/ul>\n<h3><strong>Navigation sur internet<\/strong><\/h3>\n<p>Lors de la navigation sur<span>\u00a0<\/span><a href=\"https:\/\/www.cuentaconloslacteos.eu\/\">https:\/\/www.cuentaconloslacteos.eu<\/a>, des donn\u00e9es non identifiables peuvent \u00eatre collect\u00e9es, notamment les adresses IP, la localisation g\u00e9ographique (approximative), un suivi de l\u2019utilisation des services et des sites, ainsi que d\u2019autres donn\u00e9es qui ne peuvent \u00eatre utilis\u00e9es pour identifier l\u2019utilisateur. Parmi les donn\u00e9es non identifiables se trouvent \u00e9galement les donn\u00e9es relatives \u00e0 vos habitudes de navigation sur des services tiers.<\/p>\n<p>Ces sites web utilisent les services d\u2019analyse de tiers suivants\u00a0:<\/p>\n<ul>\n<li>Google Analytics<\/li>\n<\/ul>\n<p>Nous utilisons ces informations pour analyser les tendances, g\u00e9rer le site, suivre les mouvements des utilisateurs sur le site et collecter des informations d\u00e9mographiques sur notre base d\u2019utilisateurs dans son ensemble.<\/p>\n<h3><strong>Exactitude et v\u00e9racit\u00e9 des donn\u00e9es<\/strong><\/h3>\n<p>En tant qu\u2019utilisateur, vous \u00eates seul responsable de la v\u00e9racit\u00e9 et de l\u2019exactitude des donn\u00e9es que vous soumettez \u00e0<span>\u00a0<\/span><strong>InLac<\/strong>, exon\u00e9rant<span>\u00a0<\/span><strong>InLac<\/strong><span>\u00a0<\/span>de toute responsabilit\u00e9 \u00e0 cet \u00e9gard.<\/p>\n<p>Les utilisateurs garantissent et sont responsables, dans tous les cas, de l\u2019exactitude, de la validit\u00e9 et de l\u2019authenticit\u00e9 des donn\u00e9es personnelles communiqu\u00e9es, et s\u2019engagent \u00e0 les maintenir \u00e0 jour. L\u2019utilisateur s\u2019engage \u00e0 fournir des informations compl\u00e8tes et correctes sur le formulaire de contact ou de souscription.<\/p>\n<h3><strong>Acceptation et consentement<\/strong><\/h3>\n<p>L\u2019utilisateur d\u00e9clare avoir \u00e9t\u00e9 inform\u00e9 des conditions relatives \u00e0 la protection des donn\u00e9es \u00e0 caract\u00e8re personnel, en acceptant et consentant au traitement de celles-ci par<span>\u00a0<\/span><strong>InLac<span>\u00a0<\/span><\/strong>de la fa\u00e7on et pour les finalit\u00e9s indiqu\u00e9es dans la pr\u00e9sente politique de confidentialit\u00e9.<\/p>\n<h3><strong>R\u00e9vocabilit\u00e9<\/strong><\/h3>\n<p>\u00c0 tout moment, les utilisateurs qui souhaitent acc\u00e9der \u00e0 leurs donn\u00e9es, les modifier ou les supprimer peuvent envoyer un e-mail \u00e0<span>\u00a0<\/span><a href=\"mailto:inlac@inlac.es\">inlac@inlac.es<\/a><span>\u00a0<\/span>et exercer leurs droits d\u2019opposition, d\u2019acc\u00e8s et d\u2019information, de rectification, de suppression de leurs donn\u00e9es et de r\u00e9vocation de leur autorisation.<\/p>\n<p>Cela ne comprend pas les donn\u00e9es que nous sommes oblig\u00e9s de conserver \u00e0 des fins administratives, l\u00e9gales ou de s\u00e9curit\u00e9.<\/p>\n<h3><strong>Modifications de la politique de confidentialit\u00e9<\/strong><\/h3>\n<p><strong>InLac<\/strong><span>\u00a0<\/span>se r\u00e9serve le droit de modifier la pr\u00e9sente politique pour l\u2019adapter aux nouvelles lois ou jurisprudences, ainsi qu\u2019aux pratiques du secteur. Dans ces cas,<span>\u00a0<\/span><strong>InLac<\/strong><span>\u00a0<\/span>informera des changements apport\u00e9s sur cette page dans un d\u00e9lai raisonnable avant leur mise en application.<\/p>\n<p>[\/et_pb_text][\/et_pb_column][\/et_pb_row][\/et_pb_section]<\/p>\n","protected":false},"excerpt":{"rendered":"<p>DONN\u00c9ES PERSONNELLES Politique de confidentialit\u00e9 InLac\u00a0informe les utilisateurs du site web de sa politique en mati\u00e8re de traitement et de protection des donn\u00e9es \u00e0 caract\u00e8re personnel des utilisateurs et clients qui peuvent \u00eatre collect\u00e9es lors de la navigation ou de la souscription \u00e0 des services par le biais de son site web. En ce sens,\u00a0InLac\u00a0garantit le respect de la l\u00e9gislation en vigueur relative \u00e0 la protection des donn\u00e9es \u00e0 caract\u00e8re personnel, telle que d\u00e9finie dans la loi organique 15\/1999 du 13 d\u00e9cembre 1999 relative \u00e0 la protection des donn\u00e9es \u00e0 caract\u00e8re personnel (LOPD) et dans le d\u00e9cret royal 1720\/2007 du 21 d\u00e9cembre 2007, d\u00e9sign\u00e9 comme le r\u00e8glement d\u2019application de la LOPD. Elle s\u2019engage \u00e9galement \u00e0 respecter le r\u00e8glement (UE) 2016\u2044679 du Parlement europ\u00e9en et du Conseil, en date du 27 avril 2016 relatif \u00e0 la protection des personnes physiques (GDPR). L\u2019utilisation de ce site web implique l\u2019acceptation de cette politique de confidentialit\u00e9. Identit\u00e9 du responsable Titulaire :\u00a0Organizaci\u00f3n Interprofesional L\u00e1ctea,\u00a0InLac NIF\/CIF:\u00a0G82520982 Si\u00e8ge social :\u00a0C\/ JOS\u00c9 ABASCAL 44, 1\u00aa PLANTA, 28003, MADRID E-mail :\u00a0inlac@inlac.es Principes relatifs au traitement de vos donn\u00e9es \u00e0 caract\u00e8re personnel Lors du traitement de vos donn\u00e9es personnelles, nous appliquerons les principes suivants, conform\u00e9ment aux exigences du nouveau r\u00e8glement [&hellip;]<\/p>\n","protected":false},"author":1,"featured_media":0,"parent":0,"menu_order":0,"comment_status":"closed","ping_status":"closed","template":"","meta":{"_et_pb_use_builder":"on","_et_pb_old_content":"","_et_gb_content_width":"","footnotes":""},"class_list":["post-1113","page","type-page","status-publish","hentry"],"_links":{"self":[{"href":"https:\/\/cuentaconloslacteos.eu\/fr\/wp-json\/wp\/v2\/pages\/1113","targetHints":{"allow":["GET"]}}],"collection":[{"href":"https:\/\/cuentaconloslacteos.eu\/fr\/wp-json\/wp\/v2\/pages"}],"about":[{"href":"https:\/\/cuentaconloslacteos.eu\/fr\/wp-json\/wp\/v2\/types\/page"}],"author":[{"embeddable":true,"href":"https:\/\/cuentaconloslacteos.eu\/fr\/wp-json\/wp\/v2\/users\/1"}],"replies":[{"embeddable":true,"href":"https:\/\/cuentaconloslacteos.eu\/fr\/wp-json\/wp\/v2\/comments?post=1113"}],"version-history":[{"count":3,"href":"https:\/\/cuentaconloslacteos.eu\/fr\/wp-json\/wp\/v2\/pages\/1113\/revisions"}],"predecessor-version":[{"id":1116,"href":"https:\/\/cuentaconloslacteos.eu\/fr\/wp-json\/wp\/v2\/pages\/1113\/revisions\/1116"}],"wp:attachment":[{"href":"https:\/\/cuentaconloslacteos.eu\/fr\/wp-json\/wp\/v2\/media?parent=1113"}],"curies":[{"name":"wp","href":"https:\/\/api.w.org\/{rel}","templated":true}]}}